{"id":159,"date":"2020-09-01T16:14:10","date_gmt":"2020-09-01T16:14:10","guid":{"rendered":"http:\/\/innotub.volcanicvalley.com\/?page_id=159"},"modified":"2020-10-06T09:22:32","modified_gmt":"2020-10-06T09:22:32","slug":"politica-de-privacitat","status":"publish","type":"page","link":"https:\/\/innotub.eu\/ca\/politica-de-privacitat\/","title":{"rendered":"Pol\u00edtica de privacitat"},"content":{"rendered":"\n<ol><li>Responsable del tractament<\/li><li>Finalitat del tractament<\/li><li>Durada<\/li><li>Legitimaci\u00f3 del tractament<\/li><li>Lloc on es guarda la informaci\u00f3<\/li><li>Cessi\u00f3 i transfer\u00e8ncia<\/li><li>Drets de les persones interessades<\/li><li>Drets<\/li><li>Seguretat<\/li><li>Galetes (cookies)<\/li><li>Canvis en la present pol\u00edtica de privacitat<\/li><\/ol>\n\n\n\n<h3><strong>1. Responsable del tractament<\/strong><\/h3>\n\n\n\n<p>Responsable del tractament: Institut de Recerca i Tecnologies Agroaliment\u00e0ries (en endavant IRTA)<\/p>\n\n\n\n<p>Dades de contacte d\u2019IRTA: Barcelona, Torre Marimon, Caldes de Montbui, NIF Q-5855049-B, tel\u00e8fon: 93 467 40 40.<\/p>\n\n\n\n<p>Contacte del delegat de protecci\u00f3 de dades:&nbsp;<a href=\"mailto:dpo@irta.cat\">dpo@irta.cat<\/a><\/p>\n\n\n\n<p>Base per al tractament:<\/p>\n\n\n\n<ul><li>Consentiment del titular de les dades per gestionar la tramesa d\u2019informaci\u00f3 dels actes, cursos i activitats que organitza l\u2019IRTA aix\u00ed com gestionar la borsa de treball.<\/li><li>Necessitat d\u2019executar un contracte per la gesti\u00f3 d\u2019inscripcions a sessions, jornades o activitats de formaci\u00f3 i l\u2019enviament del newsletter i altres butlletins o publicacions de l\u2019IRTA.<\/li><\/ul>\n\n\n\n<p>L\u2019IRTA, com a responsable del lloc web, de conformitat amb el que disposa el Reglament (UE) 2016\/679, de 27 d\u2019abril, relatiu a la protecci\u00f3 de les persones f\u00edsiques pel que fa al tractament de dades personals (en endavant, \u00abRGPD\u00bb), i la Llei 34\/2002, de 11 de juliol, de serveis de la societat de la informaci\u00f3 i del comer\u00e7 electr\u00f2nic (LSSICE), li informa que ha implantat les mesures de seguretat necess\u00e0ries, d\u2019\u00edndole t\u00e8cnica i organitzativa, per garantir i protegir la confidencialitat, la integritat i la disponibilitat de les dades introdu\u00efdes.<\/p>\n\n\n\n<p><strong>2.&nbsp;<\/strong><strong>Finalitat del tractament<\/strong><\/p>\n\n\n\n<p>Les seves dades personals nom\u00e9s s\u2019utilitzaran per a les seg\u00fcents finalitats, en funci\u00f3 de les funcionalitats del lloc web amb les que vost\u00e8 hagi interactuat i facilitat les seves dades personals:<\/p>\n\n\n\n<ol><li>Gestionar l\u2019enviament d\u2019informaci\u00f3 del newsletter, altres butlletins o publicacions, actes, activitats i informacions de l\u2019IRTA, per mitjans electr\u00f2nics o correu convencional als que estigui subscrit.<\/li><li>Gestionar l\u2019enviament d\u2019informaci\u00f3 i les inscripcions a sessions, jornades o activitats de formaci\u00f3.<\/li><\/ol>\n\n\n\n<p>No tractarem les seves dades personals amb una altra finalitat que les aqu\u00ed descrites excepte per obligaci\u00f3 legal o requeriment judicial.<\/p>\n\n\n\n<h3><strong>3. Durada<\/strong><\/h3>\n\n\n\n<p>Les dades corresponents a l\u2019apartat a) anterior es conservaran mentre el titular no manifesti la seva voluntat de cancel\u00b7lar-les.<\/p>\n\n\n\n<p>Les dades corresponents a l\u2019apartat b) anterior es conservaran durant el temps necessari als efectes de realitzaci\u00f3 de l\u2019activitat.<\/p>\n\n\n\n<h3><strong>4. Legitimaci\u00f3 del tractament<\/strong><\/h3>\n\n\n\n<p>La base legal per al tractament \u00e9s el consentiment de l\u2019interessat i, si s\u2019escau, la derivada de la prestaci\u00f3 d\u2019un servei.<\/p>\n\n\n\n<h3><strong>5. Lloc on es guarda la informaci\u00f3<\/strong><\/h3>\n\n\n\n<p>La informaci\u00f3 proporcionada es guarda en els servidors de l\u2019IRTA o de prove\u00efdors i empreses encarregats del tractament de dades que tinguin els servidors en el territori de la Uni\u00f3 Europea o estiguin emparats pel&nbsp;<em>Privacy Shield<\/em>.<\/p>\n\n\n\n<h3><strong>6. Cessi\u00f3 i transfer\u00e8ncia<\/strong><\/h3>\n\n\n\n<p>Les dades facilitades es poden cedir a organismes i empreses del sector p\u00fablic de la Generalitat i empreses encarregades del tractament de dades (com a prove\u00efdors de serveis: serveis d\u2019enviament de comunicacions, serveis de missatgeria, ag\u00e8ncies, serveis de generaci\u00f3 d\u2019audi\u00e8ncies similars, etc.), incl\u00f2s empreses de la UE.<\/p>\n\n\n\n<p>Tamb\u00e9 poden produir-se transfer\u00e8ncies internacionals fora de la UE d\u2019acord amb el r\u00e8gim d\u2019autoritzaci\u00f3 i notificaci\u00f3 pr\u00e8via que estableix la normativa vigent:<\/p>\n\n\n\n<ul><li>a pa\u00efsos o empreses que tenen el reconeixement de la Comissi\u00f3 Europea de proporcionar un nivell adequat de protecci\u00f3; o<\/li><li>a pa\u00efsos que no ofereixen una protecci\u00f3 adequada, per\u00f2 les transfer\u00e8ncies es regeixen per les cl\u00e0usules contractuals normalitzades de la Comissi\u00f3 Europea.<\/li><\/ul>\n\n\n\n<h3><strong>7. Drets de les persones interessades<\/strong><\/h3>\n\n\n\n<p>Pot sol\u00b7licitar l\u2019exercici dels seg\u00fcents drets davant l\u2019IRTA presentant un escrit a l\u2019adre\u00e7a postal de la cap\u00e7alera o enviant un correu electr\u00f2nic a&nbsp;<a href=\"mailto:dpo@irta.cat\" target=\"_blank\" rel=\"noreferrer noopener\">dpo@irta.cat&nbsp;<\/a>i adjuntant una fotoc\u00f2pia del DNI o qualsevol altre document an\u00e0leg en dret, com indica la llei.<\/p>\n\n\n\n<h3><strong>8. Drets<\/strong><\/h3>\n\n\n\n<p>Dret d\u2019acc\u00e9s: permet a l\u2019interessat con\u00e8ixer i obtenir informaci\u00f3 sobre les seves dades de car\u00e0cter personal sotmeses a tractament.<\/p>\n\n\n\n<p>Dret de rectificaci\u00f3 o supressi\u00f3: permet corregir errors i modificar les dades que siguin inexactes o incompletes.<\/p>\n\n\n\n<p>Dret de cancel\u00b7laci\u00f3: permet que se suprimeixin les dades que resultin inadequades o excessives.<\/p>\n\n\n\n<p>Dret d\u2019oposici\u00f3: dret de l\u2019interessat a que no es realitzi el tractament de les seves dades de car\u00e0cter personal o se cessi en el seu tractament.<\/p>\n\n\n\n<p>Limitaci\u00f3 del tractament: comporta el marcatge de les dades personals conservades, amb la finalitat de limitar el seu futur tractament.<\/p>\n\n\n\n<p>Portabilitat de les dades: facilitaci\u00f3 de les dades objecte de tractament a l\u2019interessat, perqu\u00e8 les pugui transmetre a un altre responsable sense impediments.<\/p>\n\n\n\n<p>Dret a no ser objecte de decisions individuals automatitzades respecte a les quals l\u2019interessat no hagi expressat el seu consentiment (inclosa l\u2019elaboraci\u00f3 de perfils).<\/p>\n\n\n\n<p>Dret a no ser objecte d\u2019una decisi\u00f3 basada en el tractament automatitzat que produeixi efectes o afecti significativament.<\/p>\n\n\n\n<p>Dret a retirar el consentiment donat en qualsevol moment.<\/p>\n\n\n\n<p>L\u2019interessat tamb\u00e9 t\u00e9 dret a presentar una reclamaci\u00f3 davant l\u2019autoritat de control si considera que poden haver-se vulnerat els seus drets pel que fa a la protecci\u00f3 de les seves dades.<\/p>\n\n\n\n<h3><strong>9. Seguretat<\/strong><\/h3>\n\n\n\n<p>L\u2019IRTA, en resposta a la confian\u00e7a dipositada i tenint en compte la import\u00e0ncia en mat\u00e8ria de protecci\u00f3 i confidencialitat que requereixen les dades personals de l\u2019usuari, l\u2019informa que ha adoptat totes les mesures t\u00e8cniques i organitzatives necess\u00e0ries per salvaguardar la seva seguretat, tal com exigeix \u200b\u200bla normativa vigent que regula el reglament de mitjans de seguretat dels fitxers que continguin dades de car\u00e0cter personal.<\/p>\n\n\n\n<h3><strong>10. Galetes (cookies)<\/strong><\/h3>\n\n\n\n<p>Les galetes o cookies s\u00f3n arxius de text que es descarreguen a l\u2019equip terminal de l\u2019usuari (ordinador, tauleta, tel\u00e8fon m\u00f2bil, etc.), es guarden a la mem\u00f2ria del seu navegador i que desen informaci\u00f3 sobre els h\u00e0bits, les prefer\u00e8ncies i els comportaments dels internautes que visiten una p\u00e0gina web.<\/p>\n\n\n\n<p>Les dades contingudes en les galetes poden ser analitzats per l\u2019IRTA per millorar la usabilitat de les webs i oferir una informaci\u00f3 i uns serveis m\u00e9s personalitzats.<\/p>\n\n\n\n<p>Les dades de navegaci\u00f3 recuperades per les galetes s\u00f3n an\u00f2nimes i no estan associades a cap persona. La informaci\u00f3 personal s\u2019ha de facilitar a l\u2019IRTA de manera expl\u00edcita per l\u2019usuari.<\/p>\n\n\n\n<p>L\u2019usuari podr\u00e0 esborrar o desactivar les galetes des de la configuraci\u00f3 dels navegadors. En aquest cas, la p\u00e0gina web continuar\u00e0 operativa, per\u00f2 sense els avantatges de la personalitzaci\u00f3. Per a m\u00e9s detalls sobre l\u2019\u00fas, la gesti\u00f3 i la configuraci\u00f3 de les galetes dels navegadors, es recomana consultar el web&nbsp;<a href=\"http:\/\/www.aboutcookies.org\/\">http:\/\/www.aboutcookies.org<\/a>.<\/p>\n\n\n\n<p>Pots saber m\u00e9s sobre les diferents galetes que fem servir, les seves funcions i caracter\u00edstiques, a la nostra pol\u00edtica de cookies:&nbsp;<a href=\"http:\/\/www.irta.cat\/ca\/politica-de-cookies\">www.irta.cat\/ca\/politica-de-cookies<\/a>.<\/p>\n\n\n\n<h3><strong>11. Canvis en la present pol\u00edtica de privacitat<\/strong><\/h3>\n\n\n\n<p>L\u2019IRTA es reserva el dret a modificar la present pol\u00edtica per adaptar-la a novetats legislatives o jurisprudencials.<\/p>\n","protected":false},"excerpt":{"rendered":"<p>Responsable del tractament Finalitat del tractament Durada Legitimaci\u00f3 del tractament Lloc on...<\/p>\n","protected":false},"author":3,"featured_media":0,"parent":0,"menu_order":0,"comment_status":"closed","ping_status":"closed","template":"","meta":[],"yoast_head":"<!-- This site is optimized with the Yoast SEO plugin v18.6 - https:\/\/yoast.com\/wordpress\/plugins\/seo\/ -->\n<title>Pol\u00edtica de privacitat &raquo; Innotub<\/title>\n<meta name=\"robots\" content=\"index, follow, max-snippet:-1, max-image-preview:large, max-video-preview:-1\" \/>\n<link rel=\"canonical\" href=\"https:\/\/innotub.eu\/ca\/politica-de-privacitat\/\" \/>\n<meta property=\"og:locale\" content=\"ca_ES\" \/>\n<meta property=\"og:type\" content=\"article\" \/>\n<meta property=\"og:title\" content=\"Pol\u00edtica de privacitat &raquo; Innotub\" \/>\n<meta property=\"og:description\" content=\"Responsable del tractament Finalitat del tractament Durada Legitimaci\u00f3 del tractament Lloc on...\" \/>\n<meta property=\"og:url\" content=\"https:\/\/innotub.eu\/ca\/politica-de-privacitat\/\" \/>\n<meta property=\"og:site_name\" content=\"Innotub\" \/>\n<meta property=\"article:modified_time\" content=\"2020-10-06T09:22:32+00:00\" \/>\n<meta name=\"twitter:card\" content=\"summary_large_image\" \/>\n<meta name=\"twitter:site\" content=\"@innotub\" \/>\n<meta name=\"twitter:label1\" content=\"Temps estimat de lectura\" \/>\n\t<meta name=\"twitter:data1\" content=\"6 minuts\" \/>\n<script type=\"application\/ld+json\" class=\"yoast-schema-graph\">{\"@context\":\"https:\/\/schema.org\",\"@graph\":[{\"@type\":\"Organization\",\"@id\":\"https:\/\/innotub.eu\/#organization\",\"name\":\"Innotub\",\"url\":\"https:\/\/innotub.eu\/\",\"sameAs\":[\"https:\/\/twitter.com\/innotub\"],\"logo\":{\"@type\":\"ImageObject\",\"@id\":\"https:\/\/innotub.eu\/#logo\",\"inLanguage\":\"ca\",\"url\":\"https:\/\/innotub.eu\/wp-content\/uploads\/2020\/08\/innotub-logo-COLOR.png\",\"contentUrl\":\"https:\/\/innotub.eu\/wp-content\/uploads\/2020\/08\/innotub-logo-COLOR.png\",\"width\":7453,\"height\":1672,\"caption\":\"Innotub\"},\"image\":{\"@id\":\"https:\/\/innotub.eu\/#logo\"}},{\"@type\":\"WebSite\",\"@id\":\"https:\/\/innotub.eu\/#website\",\"url\":\"https:\/\/innotub.eu\/\",\"name\":\"Innotub\",\"description\":\"Crear una xarxa cient\u00edfica d&#039;excel\u00b7l\u00e8ncia\",\"publisher\":{\"@id\":\"https:\/\/innotub.eu\/#organization\"},\"potentialAction\":[{\"@type\":\"SearchAction\",\"target\":{\"@type\":\"EntryPoint\",\"urlTemplate\":\"https:\/\/innotub.eu\/?s={search_term_string}\"},\"query-input\":\"required name=search_term_string\"}],\"inLanguage\":\"ca\"},{\"@type\":\"WebPage\",\"@id\":\"https:\/\/innotub.eu\/ca\/politica-de-privacitat\/#webpage\",\"url\":\"https:\/\/innotub.eu\/ca\/politica-de-privacitat\/\",\"name\":\"Pol\u00edtica de privacitat &raquo; Innotub\",\"isPartOf\":{\"@id\":\"https:\/\/innotub.eu\/#website\"},\"datePublished\":\"2020-09-01T16:14:10+00:00\",\"dateModified\":\"2020-10-06T09:22:32+00:00\",\"breadcrumb\":{\"@id\":\"https:\/\/innotub.eu\/ca\/politica-de-privacitat\/#breadcrumb\"},\"inLanguage\":\"ca\",\"potentialAction\":[{\"@type\":\"ReadAction\",\"target\":[\"https:\/\/innotub.eu\/ca\/politica-de-privacitat\/\"]}]},{\"@type\":\"BreadcrumbList\",\"@id\":\"https:\/\/innotub.eu\/ca\/politica-de-privacitat\/#breadcrumb\",\"itemListElement\":[{\"@type\":\"ListItem\",\"position\":1,\"name\":\"Inici\",\"item\":\"https:\/\/innotub.eu\/ca\/\"},{\"@type\":\"ListItem\",\"position\":2,\"name\":\"Pol\u00edtica de privacitat\"}]}]}<\/script>\n<!-- \/ Yoast SEO plugin. -->","yoast_head_json":{"title":"Pol\u00edtica de privacitat &raquo; Innotub","robots":{"index":"index","follow":"follow","max-snippet":"max-snippet:-1","max-image-preview":"max-image-preview:large","max-video-preview":"max-video-preview:-1"},"canonical":"https:\/\/innotub.eu\/ca\/politica-de-privacitat\/","og_locale":"ca_ES","og_type":"article","og_title":"Pol\u00edtica de privacitat &raquo; Innotub","og_description":"Responsable del tractament Finalitat del tractament Durada Legitimaci\u00f3 del tractament Lloc on...","og_url":"https:\/\/innotub.eu\/ca\/politica-de-privacitat\/","og_site_name":"Innotub","article_modified_time":"2020-10-06T09:22:32+00:00","twitter_card":"summary_large_image","twitter_site":"@innotub","twitter_misc":{"Temps estimat de lectura":"6 minuts"},"schema":{"@context":"https:\/\/schema.org","@graph":[{"@type":"Organization","@id":"https:\/\/innotub.eu\/#organization","name":"Innotub","url":"https:\/\/innotub.eu\/","sameAs":["https:\/\/twitter.com\/innotub"],"logo":{"@type":"ImageObject","@id":"https:\/\/innotub.eu\/#logo","inLanguage":"ca","url":"https:\/\/innotub.eu\/wp-content\/uploads\/2020\/08\/innotub-logo-COLOR.png","contentUrl":"https:\/\/innotub.eu\/wp-content\/uploads\/2020\/08\/innotub-logo-COLOR.png","width":7453,"height":1672,"caption":"Innotub"},"image":{"@id":"https:\/\/innotub.eu\/#logo"}},{"@type":"WebSite","@id":"https:\/\/innotub.eu\/#website","url":"https:\/\/innotub.eu\/","name":"Innotub","description":"Crear una xarxa cient\u00edfica d&#039;excel\u00b7l\u00e8ncia","publisher":{"@id":"https:\/\/innotub.eu\/#organization"},"potentialAction":[{"@type":"SearchAction","target":{"@type":"EntryPoint","urlTemplate":"https:\/\/innotub.eu\/?s={search_term_string}"},"query-input":"required name=search_term_string"}],"inLanguage":"ca"},{"@type":"WebPage","@id":"https:\/\/innotub.eu\/ca\/politica-de-privacitat\/#webpage","url":"https:\/\/innotub.eu\/ca\/politica-de-privacitat\/","name":"Pol\u00edtica de privacitat &raquo; Innotub","isPartOf":{"@id":"https:\/\/innotub.eu\/#website"},"datePublished":"2020-09-01T16:14:10+00:00","dateModified":"2020-10-06T09:22:32+00:00","breadcrumb":{"@id":"https:\/\/innotub.eu\/ca\/politica-de-privacitat\/#breadcrumb"},"inLanguage":"ca","potentialAction":[{"@type":"ReadAction","target":["https:\/\/innotub.eu\/ca\/politica-de-privacitat\/"]}]},{"@type":"BreadcrumbList","@id":"https:\/\/innotub.eu\/ca\/politica-de-privacitat\/#breadcrumb","itemListElement":[{"@type":"ListItem","position":1,"name":"Inici","item":"https:\/\/innotub.eu\/ca\/"},{"@type":"ListItem","position":2,"name":"Pol\u00edtica de privacitat"}]}]}},"_links":{"self":[{"href":"https:\/\/innotub.eu\/ca\/wp-json\/wp\/v2\/pages\/159"}],"collection":[{"href":"https:\/\/innotub.eu\/ca\/wp-json\/wp\/v2\/pages"}],"about":[{"href":"https:\/\/innotub.eu\/ca\/wp-json\/wp\/v2\/types\/page"}],"author":[{"embeddable":true,"href":"https:\/\/innotub.eu\/ca\/wp-json\/wp\/v2\/users\/3"}],"replies":[{"embeddable":true,"href":"https:\/\/innotub.eu\/ca\/wp-json\/wp\/v2\/comments?post=159"}],"version-history":[{"count":5,"href":"https:\/\/innotub.eu\/ca\/wp-json\/wp\/v2\/pages\/159\/revisions"}],"predecessor-version":[{"id":814,"href":"https:\/\/innotub.eu\/ca\/wp-json\/wp\/v2\/pages\/159\/revisions\/814"}],"wp:attachment":[{"href":"https:\/\/innotub.eu\/ca\/wp-json\/wp\/v2\/media?parent=159"}],"curies":[{"name":"wp","href":"https:\/\/api.w.org\/{rel}","templated":true}]}}