{"id":1550,"date":"2021-11-26T13:17:48","date_gmt":"2021-11-26T13:17:48","guid":{"rendered":"https:\/\/innotub.eu\/activitat\/atelier-avec-des-veterinaires-sur-la-communication-de-la-tuberculose-bovine\/"},"modified":"2021-11-30T14:01:47","modified_gmt":"2021-11-30T14:01:47","slug":"atelier-avec-des-veterinaires-sur-la-communication-de-la-tuberculose-bovine","status":"publish","type":"activitat","link":"https:\/\/innotub.eu\/fr\/activitat\/atelier-avec-des-veterinaires-sur-la-communication-de-la-tuberculose-bovine\/","title":{"rendered":"Atelier avec des v\u00e9t\u00e9rinaires sur la communication de la tuberculose bovine"},"content":{"rendered":"\n<p>Rencontre pour discuter des moyens d'am\u00e9liorer les campagnes de contr\u00f4le et d'\u00e9radication de la tuberculose bovine dans la r\u00e9gion des Pyr\u00e9n\u00e9es. La rencontre est organis\u00e9e par des chercheurs de l'Universit\u00e9 Autonome de Barcelone dans le cadre du projet EFA357\/19\/INNOTUB (INTERREG-POCTEFA) et vise sp\u00e9cifiquement \u00e0 int\u00e9grer les contributions des v\u00e9t\u00e9rinaires impliqu\u00e9s dans l'assainissement des \u00e9levages.<\/p>\n","protected":false},"featured_media":1548,"template":"","area":[163],"class_list":["post-1550","activitat","type-activitat","status-publish","has-post-thumbnail","hentry","area-activite"],"yoast_head":"<!-- This site is optimized with the Yoast SEO plugin v27.5 - https:\/\/yoast.com\/product\/yoast-seo-wordpress\/ -->\n<title>Atelier avec des v\u00e9t\u00e9rinaires sur la communication de la tuberculose bovine &#187; Innotub<\/title>\n<meta name=\"robots\" content=\"index, follow, max-snippet:-1, max-image-preview:large, max-video-preview:-1\" \/>\n<link rel=\"canonical\" href=\"https:\/\/innotub.eu\/fr\/activitat\/atelier-avec-des-veterinaires-sur-la-communication-de-la-tuberculose-bovine\/\" \/>\n<meta property=\"og:locale\" content=\"fr_FR\" \/>\n<meta property=\"og:type\" content=\"article\" \/>\n<meta property=\"og:title\" content=\"Atelier avec des v\u00e9t\u00e9rinaires sur la communication de la tuberculose bovine &#187; Innotub\" \/>\n<meta property=\"og:description\" content=\"Rencontre pour discuter des moyens d&#039;am\u00e9liorer les campagnes de contr\u00f4le et d&#039;\u00e9radication...\" \/>\n<meta property=\"og:url\" content=\"https:\/\/innotub.eu\/fr\/activitat\/atelier-avec-des-veterinaires-sur-la-communication-de-la-tuberculose-bovine\/\" \/>\n<meta property=\"og:site_name\" content=\"Innotub\" \/>\n<meta property=\"article:modified_time\" content=\"2021-11-30T14:01:47+00:00\" \/>\n<meta property=\"og:image\" content=\"https:\/\/innotub.eu\/wp-content\/uploads\/2021\/11\/IMG-20211122-WA0005-1.jpg\" \/>\n\t<meta property=\"og:image:width\" content=\"2048\" \/>\n\t<meta property=\"og:image:height\" content=\"1536\" \/>\n\t<meta property=\"og:image:type\" content=\"image\/jpeg\" \/>\n<meta name=\"twitter:card\" content=\"summary_large_image\" \/>\n<meta name=\"twitter:site\" content=\"@innotub\" \/>\n<script type=\"application\/ld+json\" class=\"yoast-schema-graph\">{\"@context\":\"https:\\\/\\\/schema.org\",\"@graph\":[{\"@type\":\"WebPage\",\"@id\":\"https:\\\/\\\/innotub.eu\\\/fr\\\/activitat\\\/atelier-avec-des-veterinaires-sur-la-communication-de-la-tuberculose-bovine\\\/\",\"url\":\"https:\\\/\\\/innotub.eu\\\/fr\\\/activitat\\\/atelier-avec-des-veterinaires-sur-la-communication-de-la-tuberculose-bovine\\\/\",\"name\":\"Atelier avec des v\u00e9t\u00e9rinaires sur la communication de la tuberculose bovine &#187; Innotub\",\"isPartOf\":{\"@id\":\"https:\\\/\\\/innotub.eu\\\/fr\\\/#website\"},\"primaryImageOfPage\":{\"@id\":\"https:\\\/\\\/innotub.eu\\\/fr\\\/activitat\\\/atelier-avec-des-veterinaires-sur-la-communication-de-la-tuberculose-bovine\\\/#primaryimage\"},\"image\":{\"@id\":\"https:\\\/\\\/innotub.eu\\\/fr\\\/activitat\\\/atelier-avec-des-veterinaires-sur-la-communication-de-la-tuberculose-bovine\\\/#primaryimage\"},\"thumbnailUrl\":\"https:\\\/\\\/innotub.eu\\\/wp-content\\\/uploads\\\/2021\\\/11\\\/IMG-20211122-WA0005-1.jpg\",\"datePublished\":\"2021-11-26T13:17:48+00:00\",\"dateModified\":\"2021-11-30T14:01:47+00:00\",\"breadcrumb\":{\"@id\":\"https:\\\/\\\/innotub.eu\\\/fr\\\/activitat\\\/atelier-avec-des-veterinaires-sur-la-communication-de-la-tuberculose-bovine\\\/#breadcrumb\"},\"inLanguage\":\"fr-FR\",\"potentialAction\":[{\"@type\":\"ReadAction\",\"target\":[\"https:\\\/\\\/innotub.eu\\\/fr\\\/activitat\\\/atelier-avec-des-veterinaires-sur-la-communication-de-la-tuberculose-bovine\\\/\"]}]},{\"@type\":\"ImageObject\",\"inLanguage\":\"fr-FR\",\"@id\":\"https:\\\/\\\/innotub.eu\\\/fr\\\/activitat\\\/atelier-avec-des-veterinaires-sur-la-communication-de-la-tuberculose-bovine\\\/#primaryimage\",\"url\":\"https:\\\/\\\/innotub.eu\\\/wp-content\\\/uploads\\\/2021\\\/11\\\/IMG-20211122-WA0005-1.jpg\",\"contentUrl\":\"https:\\\/\\\/innotub.eu\\\/wp-content\\\/uploads\\\/2021\\\/11\\\/IMG-20211122-WA0005-1.jpg\",\"width\":2048,\"height\":1536},{\"@type\":\"BreadcrumbList\",\"@id\":\"https:\\\/\\\/innotub.eu\\\/fr\\\/activitat\\\/atelier-avec-des-veterinaires-sur-la-communication-de-la-tuberculose-bovine\\\/#breadcrumb\",\"itemListElement\":[{\"@type\":\"ListItem\",\"position\":1,\"name\":\"Inici\",\"item\":\"https:\\\/\\\/innotub.eu\\\/fr\\\/\"},{\"@type\":\"ListItem\",\"position\":2,\"name\":\"Activitats\",\"item\":\"https:\\\/\\\/innotub.eu\\\/fr\\\/activitat\\\/\"},{\"@type\":\"ListItem\",\"position\":3,\"name\":\"Atelier avec des v\u00e9t\u00e9rinaires sur la communication de la tuberculose bovine\"}]},{\"@type\":\"WebSite\",\"@id\":\"https:\\\/\\\/innotub.eu\\\/fr\\\/#website\",\"url\":\"https:\\\/\\\/innotub.eu\\\/fr\\\/\",\"name\":\"Innotub\",\"description\":\"Crear una xarxa cient\u00edfica d&#039;excel\u00b7l\u00e8ncia\",\"publisher\":{\"@id\":\"https:\\\/\\\/innotub.eu\\\/fr\\\/#organization\"},\"potentialAction\":[{\"@type\":\"SearchAction\",\"target\":{\"@type\":\"EntryPoint\",\"urlTemplate\":\"https:\\\/\\\/innotub.eu\\\/fr\\\/?s={search_term_string}\"},\"query-input\":{\"@type\":\"PropertyValueSpecification\",\"valueRequired\":true,\"valueName\":\"search_term_string\"}}],\"inLanguage\":\"fr-FR\"},{\"@type\":\"Organization\",\"@id\":\"https:\\\/\\\/innotub.eu\\\/fr\\\/#organization\",\"name\":\"Innotub\",\"url\":\"https:\\\/\\\/innotub.eu\\\/fr\\\/\",\"logo\":{\"@type\":\"ImageObject\",\"inLanguage\":\"fr-FR\",\"@id\":\"https:\\\/\\\/innotub.eu\\\/fr\\\/#\\\/schema\\\/logo\\\/image\\\/\",\"url\":\"https:\\\/\\\/innotub.eu\\\/wp-content\\\/uploads\\\/2020\\\/08\\\/innotub-logo-COLOR.png\",\"contentUrl\":\"https:\\\/\\\/innotub.eu\\\/wp-content\\\/uploads\\\/2020\\\/08\\\/innotub-logo-COLOR.png\",\"width\":7453,\"height\":1672,\"caption\":\"Innotub\"},\"image\":{\"@id\":\"https:\\\/\\\/innotub.eu\\\/fr\\\/#\\\/schema\\\/logo\\\/image\\\/\"},\"sameAs\":[\"https:\\\/\\\/x.com\\\/innotub\"]}]}<\/script>\n<!-- \/ Yoast SEO plugin. -->","yoast_head_json":{"title":"Atelier avec des v\u00e9t\u00e9rinaires sur la communication de la tuberculose bovine &#187; Innotub","robots":{"index":"index","follow":"follow","max-snippet":"max-snippet:-1","max-image-preview":"max-image-preview:large","max-video-preview":"max-video-preview:-1"},"canonical":"https:\/\/innotub.eu\/fr\/activitat\/atelier-avec-des-veterinaires-sur-la-communication-de-la-tuberculose-bovine\/","og_locale":"fr_FR","og_type":"article","og_title":"Atelier avec des v\u00e9t\u00e9rinaires sur la communication de la tuberculose bovine &#187; Innotub","og_description":"Rencontre pour discuter des moyens d'am\u00e9liorer les campagnes de contr\u00f4le et d'\u00e9radication...","og_url":"https:\/\/innotub.eu\/fr\/activitat\/atelier-avec-des-veterinaires-sur-la-communication-de-la-tuberculose-bovine\/","og_site_name":"Innotub","article_modified_time":"2021-11-30T14:01:47+00:00","og_image":[{"width":2048,"height":1536,"url":"https:\/\/innotub.eu\/wp-content\/uploads\/2021\/11\/IMG-20211122-WA0005-1.jpg","type":"image\/jpeg"}],"twitter_card":"summary_large_image","twitter_site":"@innotub","schema":{"@context":"https:\/\/schema.org","@graph":[{"@type":"WebPage","@id":"https:\/\/innotub.eu\/fr\/activitat\/atelier-avec-des-veterinaires-sur-la-communication-de-la-tuberculose-bovine\/","url":"https:\/\/innotub.eu\/fr\/activitat\/atelier-avec-des-veterinaires-sur-la-communication-de-la-tuberculose-bovine\/","name":"Atelier avec des v\u00e9t\u00e9rinaires sur la communication de la tuberculose bovine &#187; Innotub","isPartOf":{"@id":"https:\/\/innotub.eu\/fr\/#website"},"primaryImageOfPage":{"@id":"https:\/\/innotub.eu\/fr\/activitat\/atelier-avec-des-veterinaires-sur-la-communication-de-la-tuberculose-bovine\/#primaryimage"},"image":{"@id":"https:\/\/innotub.eu\/fr\/activitat\/atelier-avec-des-veterinaires-sur-la-communication-de-la-tuberculose-bovine\/#primaryimage"},"thumbnailUrl":"https:\/\/innotub.eu\/wp-content\/uploads\/2021\/11\/IMG-20211122-WA0005-1.jpg","datePublished":"2021-11-26T13:17:48+00:00","dateModified":"2021-11-30T14:01:47+00:00","breadcrumb":{"@id":"https:\/\/innotub.eu\/fr\/activitat\/atelier-avec-des-veterinaires-sur-la-communication-de-la-tuberculose-bovine\/#breadcrumb"},"inLanguage":"fr-FR","potentialAction":[{"@type":"ReadAction","target":["https:\/\/innotub.eu\/fr\/activitat\/atelier-avec-des-veterinaires-sur-la-communication-de-la-tuberculose-bovine\/"]}]},{"@type":"ImageObject","inLanguage":"fr-FR","@id":"https:\/\/innotub.eu\/fr\/activitat\/atelier-avec-des-veterinaires-sur-la-communication-de-la-tuberculose-bovine\/#primaryimage","url":"https:\/\/innotub.eu\/wp-content\/uploads\/2021\/11\/IMG-20211122-WA0005-1.jpg","contentUrl":"https:\/\/innotub.eu\/wp-content\/uploads\/2021\/11\/IMG-20211122-WA0005-1.jpg","width":2048,"height":1536},{"@type":"BreadcrumbList","@id":"https:\/\/innotub.eu\/fr\/activitat\/atelier-avec-des-veterinaires-sur-la-communication-de-la-tuberculose-bovine\/#breadcrumb","itemListElement":[{"@type":"ListItem","position":1,"name":"Inici","item":"https:\/\/innotub.eu\/fr\/"},{"@type":"ListItem","position":2,"name":"Activitats","item":"https:\/\/innotub.eu\/fr\/activitat\/"},{"@type":"ListItem","position":3,"name":"Atelier avec des v\u00e9t\u00e9rinaires sur la communication de la tuberculose bovine"}]},{"@type":"WebSite","@id":"https:\/\/innotub.eu\/fr\/#website","url":"https:\/\/innotub.eu\/fr\/","name":"Innotub","description":"Crear una xarxa cient\u00edfica d&#039;excel\u00b7l\u00e8ncia","publisher":{"@id":"https:\/\/innotub.eu\/fr\/#organization"},"potentialAction":[{"@type":"SearchAction","target":{"@type":"EntryPoint","urlTemplate":"https:\/\/innotub.eu\/fr\/?s={search_term_string}"},"query-input":{"@type":"PropertyValueSpecification","valueRequired":true,"valueName":"search_term_string"}}],"inLanguage":"fr-FR"},{"@type":"Organization","@id":"https:\/\/innotub.eu\/fr\/#organization","name":"Innotub","url":"https:\/\/innotub.eu\/fr\/","logo":{"@type":"ImageObject","inLanguage":"fr-FR","@id":"https:\/\/innotub.eu\/fr\/#\/schema\/logo\/image\/","url":"https:\/\/innotub.eu\/wp-content\/uploads\/2020\/08\/innotub-logo-COLOR.png","contentUrl":"https:\/\/innotub.eu\/wp-content\/uploads\/2020\/08\/innotub-logo-COLOR.png","width":7453,"height":1672,"caption":"Innotub"},"image":{"@id":"https:\/\/innotub.eu\/fr\/#\/schema\/logo\/image\/"},"sameAs":["https:\/\/x.com\/innotub"]}]}},"_links":{"self":[{"href":"https:\/\/innotub.eu\/fr\/wp-json\/wp\/v2\/activitat\/1550","targetHints":{"allow":["GET"]}}],"collection":[{"href":"https:\/\/innotub.eu\/fr\/wp-json\/wp\/v2\/activitat"}],"about":[{"href":"https:\/\/innotub.eu\/fr\/wp-json\/wp\/v2\/types\/activitat"}],"wp:featuredmedia":[{"embeddable":true,"href":"https:\/\/innotub.eu\/fr\/wp-json\/wp\/v2\/media\/1548"}],"wp:attachment":[{"href":"https:\/\/innotub.eu\/fr\/wp-json\/wp\/v2\/media?parent=1550"}],"wp:term":[{"taxonomy":"area","embeddable":true,"href":"https:\/\/innotub.eu\/fr\/wp-json\/wp\/v2\/area?post=1550"}],"curies":[{"name":"wp","href":"https:\/\/api.w.org\/{rel}","templated":true}]}}