{"id":1733,"date":"2022-04-28T09:02:06","date_gmt":"2022-04-28T09:02:06","guid":{"rendered":"https:\/\/innotub.eu\/activitat\/presentation-des-etudes-en-cours-et-des-resultats-du-projet-innotub-au-comite-de-suivi-du-plan-de-surveillance-de-la-sante-de-la-faune-de-catalogne\/"},"modified":"2022-04-28T09:02:07","modified_gmt":"2022-04-28T09:02:07","slug":"presentation-des-etudes-en-cours-et-des-resultats-du-projet-innotub-au-comite-de-suivi-du-plan-de-surveillance-de-la-sante-de-la-faune-de-catalogne","status":"publish","type":"activitat","link":"https:\/\/innotub.eu\/fr\/activitat\/presentation-des-etudes-en-cours-et-des-resultats-du-projet-innotub-au-comite-de-suivi-du-plan-de-surveillance-de-la-sante-de-la-faune-de-catalogne\/","title":{"rendered":"Pr\u00e9sentation des \u00e9tudes en cours et des r\u00e9sultats du projet Innotub au Comit\u00e9 de Suivi du Plan de Surveillance de la Sant\u00e9 de la Faune de Catalogne"},"content":{"rendered":"\n<p>L'IRTA-CReSA et l'UAB, membres du R\u00e9seau Innotub, participent au Comit\u00e9 de suivi du Plan catalan de surveillance de la sant\u00e9 de la faune sauvage pour pr\u00e9senter les \u00e9tudes que le R\u00e9seau r\u00e9alise en la mati\u00e8re et discuter des conclusions pr\u00e9liminaires.<\/p>\n","protected":false},"featured_media":0,"template":"","area":[178],"class_list":["post-1733","activitat","type-activitat","status-publish","hentry","area-evenement"],"yoast_head":"<!-- This site is optimized with the Yoast SEO plugin v27.5 - https:\/\/yoast.com\/product\/yoast-seo-wordpress\/ -->\n<title>Pr\u00e9sentation des \u00e9tudes en cours et des r\u00e9sultats du projet Innotub au Comit\u00e9 de Suivi du Plan de Surveillance de la Sant\u00e9 de la Faune de Catalogne &#187; Innotub<\/title>\n<meta name=\"robots\" content=\"index, follow, max-snippet:-1, max-image-preview:large, max-video-preview:-1\" \/>\n<link rel=\"canonical\" href=\"https:\/\/innotub.eu\/fr\/activitat\/presentation-des-etudes-en-cours-et-des-resultats-du-projet-innotub-au-comite-de-suivi-du-plan-de-surveillance-de-la-sante-de-la-faune-de-catalogne\/\" \/>\n<meta property=\"og:locale\" content=\"fr_FR\" \/>\n<meta property=\"og:type\" content=\"article\" \/>\n<meta property=\"og:title\" content=\"Pr\u00e9sentation des \u00e9tudes en cours et des r\u00e9sultats du projet Innotub au Comit\u00e9 de Suivi du Plan de Surveillance de la Sant\u00e9 de la Faune de Catalogne &#187; Innotub\" \/>\n<meta property=\"og:description\" content=\"L&#039;IRTA-CReSA et l&#039;UAB, membres du R\u00e9seau Innotub, participent au Comit\u00e9 de suivi...\" \/>\n<meta property=\"og:url\" content=\"https:\/\/innotub.eu\/fr\/activitat\/presentation-des-etudes-en-cours-et-des-resultats-du-projet-innotub-au-comite-de-suivi-du-plan-de-surveillance-de-la-sante-de-la-faune-de-catalogne\/\" \/>\n<meta property=\"og:site_name\" content=\"Innotub\" \/>\n<meta property=\"article:modified_time\" content=\"2022-04-28T09:02:07+00:00\" \/>\n<meta name=\"twitter:card\" content=\"summary_large_image\" \/>\n<meta name=\"twitter:site\" content=\"@innotub\" \/>\n<script type=\"application\/ld+json\" class=\"yoast-schema-graph\">{\"@context\":\"https:\\\/\\\/schema.org\",\"@graph\":[{\"@type\":\"WebPage\",\"@id\":\"https:\\\/\\\/innotub.eu\\\/fr\\\/activitat\\\/presentation-des-etudes-en-cours-et-des-resultats-du-projet-innotub-au-comite-de-suivi-du-plan-de-surveillance-de-la-sante-de-la-faune-de-catalogne\\\/\",\"url\":\"https:\\\/\\\/innotub.eu\\\/fr\\\/activitat\\\/presentation-des-etudes-en-cours-et-des-resultats-du-projet-innotub-au-comite-de-suivi-du-plan-de-surveillance-de-la-sante-de-la-faune-de-catalogne\\\/\",\"name\":\"Pr\u00e9sentation des \u00e9tudes en cours et des r\u00e9sultats du projet Innotub au Comit\u00e9 de Suivi du Plan de Surveillance de la Sant\u00e9 de la Faune de Catalogne &#187; Innotub\",\"isPartOf\":{\"@id\":\"https:\\\/\\\/innotub.eu\\\/fr\\\/#website\"},\"datePublished\":\"2022-04-28T09:02:06+00:00\",\"dateModified\":\"2022-04-28T09:02:07+00:00\",\"breadcrumb\":{\"@id\":\"https:\\\/\\\/innotub.eu\\\/fr\\\/activitat\\\/presentation-des-etudes-en-cours-et-des-resultats-du-projet-innotub-au-comite-de-suivi-du-plan-de-surveillance-de-la-sante-de-la-faune-de-catalogne\\\/#breadcrumb\"},\"inLanguage\":\"fr-FR\",\"potentialAction\":[{\"@type\":\"ReadAction\",\"target\":[\"https:\\\/\\\/innotub.eu\\\/fr\\\/activitat\\\/presentation-des-etudes-en-cours-et-des-resultats-du-projet-innotub-au-comite-de-suivi-du-plan-de-surveillance-de-la-sante-de-la-faune-de-catalogne\\\/\"]}]},{\"@type\":\"BreadcrumbList\",\"@id\":\"https:\\\/\\\/innotub.eu\\\/fr\\\/activitat\\\/presentation-des-etudes-en-cours-et-des-resultats-du-projet-innotub-au-comite-de-suivi-du-plan-de-surveillance-de-la-sante-de-la-faune-de-catalogne\\\/#breadcrumb\",\"itemListElement\":[{\"@type\":\"ListItem\",\"position\":1,\"name\":\"Inici\",\"item\":\"https:\\\/\\\/innotub.eu\\\/fr\\\/\"},{\"@type\":\"ListItem\",\"position\":2,\"name\":\"Activitats\",\"item\":\"https:\\\/\\\/innotub.eu\\\/fr\\\/activitat\\\/\"},{\"@type\":\"ListItem\",\"position\":3,\"name\":\"Pr\u00e9sentation des \u00e9tudes en cours et des r\u00e9sultats du projet Innotub au Comit\u00e9 de Suivi du Plan de Surveillance de la Sant\u00e9 de la Faune de Catalogne\"}]},{\"@type\":\"WebSite\",\"@id\":\"https:\\\/\\\/innotub.eu\\\/fr\\\/#website\",\"url\":\"https:\\\/\\\/innotub.eu\\\/fr\\\/\",\"name\":\"Innotub\",\"description\":\"Crear una xarxa cient\u00edfica d&#039;excel\u00b7l\u00e8ncia\",\"publisher\":{\"@id\":\"https:\\\/\\\/innotub.eu\\\/fr\\\/#organization\"},\"potentialAction\":[{\"@type\":\"SearchAction\",\"target\":{\"@type\":\"EntryPoint\",\"urlTemplate\":\"https:\\\/\\\/innotub.eu\\\/fr\\\/?s={search_term_string}\"},\"query-input\":{\"@type\":\"PropertyValueSpecification\",\"valueRequired\":true,\"valueName\":\"search_term_string\"}}],\"inLanguage\":\"fr-FR\"},{\"@type\":\"Organization\",\"@id\":\"https:\\\/\\\/innotub.eu\\\/fr\\\/#organization\",\"name\":\"Innotub\",\"url\":\"https:\\\/\\\/innotub.eu\\\/fr\\\/\",\"logo\":{\"@type\":\"ImageObject\",\"inLanguage\":\"fr-FR\",\"@id\":\"https:\\\/\\\/innotub.eu\\\/fr\\\/#\\\/schema\\\/logo\\\/image\\\/\",\"url\":\"https:\\\/\\\/innotub.eu\\\/wp-content\\\/uploads\\\/2020\\\/08\\\/innotub-logo-COLOR.png\",\"contentUrl\":\"https:\\\/\\\/innotub.eu\\\/wp-content\\\/uploads\\\/2020\\\/08\\\/innotub-logo-COLOR.png\",\"width\":7453,\"height\":1672,\"caption\":\"Innotub\"},\"image\":{\"@id\":\"https:\\\/\\\/innotub.eu\\\/fr\\\/#\\\/schema\\\/logo\\\/image\\\/\"},\"sameAs\":[\"https:\\\/\\\/x.com\\\/innotub\"]}]}<\/script>\n<!-- \/ Yoast SEO plugin. -->","yoast_head_json":{"title":"Pr\u00e9sentation des \u00e9tudes en cours et des r\u00e9sultats du projet Innotub au Comit\u00e9 de Suivi du Plan de Surveillance de la Sant\u00e9 de la Faune de Catalogne &#187; Innotub","robots":{"index":"index","follow":"follow","max-snippet":"max-snippet:-1","max-image-preview":"max-image-preview:large","max-video-preview":"max-video-preview:-1"},"canonical":"https:\/\/innotub.eu\/fr\/activitat\/presentation-des-etudes-en-cours-et-des-resultats-du-projet-innotub-au-comite-de-suivi-du-plan-de-surveillance-de-la-sante-de-la-faune-de-catalogne\/","og_locale":"fr_FR","og_type":"article","og_title":"Pr\u00e9sentation des \u00e9tudes en cours et des r\u00e9sultats du projet Innotub au Comit\u00e9 de Suivi du Plan de Surveillance de la Sant\u00e9 de la Faune de Catalogne &#187; Innotub","og_description":"L'IRTA-CReSA et l'UAB, membres du R\u00e9seau Innotub, participent au Comit\u00e9 de suivi...","og_url":"https:\/\/innotub.eu\/fr\/activitat\/presentation-des-etudes-en-cours-et-des-resultats-du-projet-innotub-au-comite-de-suivi-du-plan-de-surveillance-de-la-sante-de-la-faune-de-catalogne\/","og_site_name":"Innotub","article_modified_time":"2022-04-28T09:02:07+00:00","twitter_card":"summary_large_image","twitter_site":"@innotub","schema":{"@context":"https:\/\/schema.org","@graph":[{"@type":"WebPage","@id":"https:\/\/innotub.eu\/fr\/activitat\/presentation-des-etudes-en-cours-et-des-resultats-du-projet-innotub-au-comite-de-suivi-du-plan-de-surveillance-de-la-sante-de-la-faune-de-catalogne\/","url":"https:\/\/innotub.eu\/fr\/activitat\/presentation-des-etudes-en-cours-et-des-resultats-du-projet-innotub-au-comite-de-suivi-du-plan-de-surveillance-de-la-sante-de-la-faune-de-catalogne\/","name":"Pr\u00e9sentation des \u00e9tudes en cours et des r\u00e9sultats du projet Innotub au Comit\u00e9 de Suivi du Plan de Surveillance de la Sant\u00e9 de la Faune de Catalogne &#187; Innotub","isPartOf":{"@id":"https:\/\/innotub.eu\/fr\/#website"},"datePublished":"2022-04-28T09:02:06+00:00","dateModified":"2022-04-28T09:02:07+00:00","breadcrumb":{"@id":"https:\/\/innotub.eu\/fr\/activitat\/presentation-des-etudes-en-cours-et-des-resultats-du-projet-innotub-au-comite-de-suivi-du-plan-de-surveillance-de-la-sante-de-la-faune-de-catalogne\/#breadcrumb"},"inLanguage":"fr-FR","potentialAction":[{"@type":"ReadAction","target":["https:\/\/innotub.eu\/fr\/activitat\/presentation-des-etudes-en-cours-et-des-resultats-du-projet-innotub-au-comite-de-suivi-du-plan-de-surveillance-de-la-sante-de-la-faune-de-catalogne\/"]}]},{"@type":"BreadcrumbList","@id":"https:\/\/innotub.eu\/fr\/activitat\/presentation-des-etudes-en-cours-et-des-resultats-du-projet-innotub-au-comite-de-suivi-du-plan-de-surveillance-de-la-sante-de-la-faune-de-catalogne\/#breadcrumb","itemListElement":[{"@type":"ListItem","position":1,"name":"Inici","item":"https:\/\/innotub.eu\/fr\/"},{"@type":"ListItem","position":2,"name":"Activitats","item":"https:\/\/innotub.eu\/fr\/activitat\/"},{"@type":"ListItem","position":3,"name":"Pr\u00e9sentation des \u00e9tudes en cours et des r\u00e9sultats du projet Innotub au Comit\u00e9 de Suivi du Plan de Surveillance de la Sant\u00e9 de la Faune de Catalogne"}]},{"@type":"WebSite","@id":"https:\/\/innotub.eu\/fr\/#website","url":"https:\/\/innotub.eu\/fr\/","name":"Innotub","description":"Crear una xarxa cient\u00edfica d&#039;excel\u00b7l\u00e8ncia","publisher":{"@id":"https:\/\/innotub.eu\/fr\/#organization"},"potentialAction":[{"@type":"SearchAction","target":{"@type":"EntryPoint","urlTemplate":"https:\/\/innotub.eu\/fr\/?s={search_term_string}"},"query-input":{"@type":"PropertyValueSpecification","valueRequired":true,"valueName":"search_term_string"}}],"inLanguage":"fr-FR"},{"@type":"Organization","@id":"https:\/\/innotub.eu\/fr\/#organization","name":"Innotub","url":"https:\/\/innotub.eu\/fr\/","logo":{"@type":"ImageObject","inLanguage":"fr-FR","@id":"https:\/\/innotub.eu\/fr\/#\/schema\/logo\/image\/","url":"https:\/\/innotub.eu\/wp-content\/uploads\/2020\/08\/innotub-logo-COLOR.png","contentUrl":"https:\/\/innotub.eu\/wp-content\/uploads\/2020\/08\/innotub-logo-COLOR.png","width":7453,"height":1672,"caption":"Innotub"},"image":{"@id":"https:\/\/innotub.eu\/fr\/#\/schema\/logo\/image\/"},"sameAs":["https:\/\/x.com\/innotub"]}]}},"_links":{"self":[{"href":"https:\/\/innotub.eu\/fr\/wp-json\/wp\/v2\/activitat\/1733","targetHints":{"allow":["GET"]}}],"collection":[{"href":"https:\/\/innotub.eu\/fr\/wp-json\/wp\/v2\/activitat"}],"about":[{"href":"https:\/\/innotub.eu\/fr\/wp-json\/wp\/v2\/types\/activitat"}],"wp:attachment":[{"href":"https:\/\/innotub.eu\/fr\/wp-json\/wp\/v2\/media?parent=1733"}],"wp:term":[{"taxonomy":"area","embeddable":true,"href":"https:\/\/innotub.eu\/fr\/wp-json\/wp\/v2\/area?post=1733"}],"curies":[{"name":"wp","href":"https:\/\/api.w.org\/{rel}","templated":true}]}}