{"id":1850,"date":"2023-03-09T10:29:49","date_gmt":"2023-03-09T10:29:49","guid":{"rendered":"https:\/\/innotub.eu\/activitat\/journee-technique-la-catalogne-officiellement-indemne-de-tuberculose-bovine-controle-prevention-et-risques-dans-le-nouveau-scenario\/"},"modified":"2023-04-17T13:44:06","modified_gmt":"2023-04-17T13:44:06","slug":"journee-technique-la-catalogne-officiellement-indemne-de-tuberculose-bovine-controle-prevention-et-risques-dans-le-nouveau-scenario","status":"publish","type":"activitat","link":"https:\/\/innotub.eu\/fr\/activitat\/journee-technique-la-catalogne-officiellement-indemne-de-tuberculose-bovine-controle-prevention-et-risques-dans-le-nouveau-scenario\/","title":{"rendered":"Journ\u00e9e technique. La Catalogne officiellement indemne de tuberculose bovine : contr\u00f4le, pr\u00e9vention et risques dans le nouveau sc\u00e9nario"},"content":{"rendered":"\n<p>L'objectif de cette journ\u00e9e est de transf\u00e9rer et de partager des connaissances avec le secteur de l'\u00e9levage et de la sant\u00e9 animale, ainsi qu'avec la soci\u00e9t\u00e9 en g\u00e9n\u00e9ral, sur les implications et les d\u00e9fis d\u00e9coulant du fait que la Catalogne est r\u00e9cemment devenue officiellement indemne de tuberculose chez l'esp\u00e8ce bovine. En particulier, les actions men\u00e9es au cours des derni\u00e8res d\u00e9cennies pour franchir ce cap et les implications du nouveau statut pour les troupeaux seront pass\u00e9es en revue. Il d\u00e9crira \u00e9galement la situation actuelle de la tuberculose animale en Catalogne, les principaux risques auxquels nous sommes encore confront\u00e9s et les mesures de pr\u00e9vention et de contr\u00f4le qui doivent \u00eatre maintenues et renforc\u00e9es. La journ\u00e9e s'adresse aux \u00e9leveurs d'\u00e9levages de bovins et de petits ruminants, aux v\u00e9t\u00e9rinaires et v\u00e9t\u00e9rinaires officiels des sanitaires et des abattoirs, au personnel des \u00e9tablissements de traitement du gibier et du secteur de la chasse en g\u00e9n\u00e9ral, aux professionnels de la sant\u00e9 animale et humaine et \u00e0 toutes les personnes int\u00e9ress\u00e9es par la situation et ses contr\u00f4le<\/p>\n","protected":false},"featured_media":1847,"template":"","area":[178],"class_list":["post-1850","activitat","type-activitat","status-publish","has-post-thumbnail","hentry","area-evenement"],"yoast_head":"<!-- This site is optimized with the Yoast SEO plugin v27.5 - https:\/\/yoast.com\/product\/yoast-seo-wordpress\/ -->\n<title>Journ\u00e9e technique. La Catalogne officiellement indemne de tuberculose bovine : contr\u00f4le, pr\u00e9vention et risques dans le nouveau sc\u00e9nario &#187; Innotub<\/title>\n<meta name=\"robots\" content=\"index, follow, max-snippet:-1, max-image-preview:large, max-video-preview:-1\" \/>\n<link rel=\"canonical\" href=\"https:\/\/innotub.eu\/fr\/activitat\/journee-technique-la-catalogne-officiellement-indemne-de-tuberculose-bovine-controle-prevention-et-risques-dans-le-nouveau-scenario\/\" \/>\n<meta property=\"og:locale\" content=\"fr_FR\" \/>\n<meta property=\"og:type\" content=\"article\" \/>\n<meta property=\"og:title\" content=\"Journ\u00e9e technique. La Catalogne officiellement indemne de tuberculose bovine : contr\u00f4le, pr\u00e9vention et risques dans le nouveau sc\u00e9nario &#187; Innotub\" \/>\n<meta property=\"og:description\" content=\"L&#039;objectif de cette journ\u00e9e est de transf\u00e9rer et de partager des connaissances...\" \/>\n<meta property=\"og:url\" content=\"https:\/\/innotub.eu\/fr\/activitat\/journee-technique-la-catalogne-officiellement-indemne-de-tuberculose-bovine-controle-prevention-et-risques-dans-le-nouveau-scenario\/\" \/>\n<meta property=\"og:site_name\" content=\"Innotub\" \/>\n<meta property=\"article:modified_time\" content=\"2023-04-17T13:44:06+00:00\" \/>\n<meta property=\"og:image\" content=\"https:\/\/innotub.eu\/wp-content\/uploads\/2023\/03\/IMG_20221127_151636-scaled.jpg\" \/>\n\t<meta property=\"og:image:width\" content=\"2560\" \/>\n\t<meta property=\"og:image:height\" content=\"1167\" \/>\n\t<meta property=\"og:image:type\" content=\"image\/jpeg\" \/>\n<meta name=\"twitter:card\" content=\"summary_large_image\" \/>\n<meta name=\"twitter:site\" content=\"@innotub\" \/>\n<meta name=\"twitter:label1\" content=\"Dur\u00e9e de lecture estim\u00e9e\" \/>\n\t<meta name=\"twitter:data1\" content=\"1 minute\" \/>\n<script type=\"application\/ld+json\" class=\"yoast-schema-graph\">{\"@context\":\"https:\\\/\\\/schema.org\",\"@graph\":[{\"@type\":\"WebPage\",\"@id\":\"https:\\\/\\\/innotub.eu\\\/fr\\\/activitat\\\/journee-technique-la-catalogne-officiellement-indemne-de-tuberculose-bovine-controle-prevention-et-risques-dans-le-nouveau-scenario\\\/\",\"url\":\"https:\\\/\\\/innotub.eu\\\/fr\\\/activitat\\\/journee-technique-la-catalogne-officiellement-indemne-de-tuberculose-bovine-controle-prevention-et-risques-dans-le-nouveau-scenario\\\/\",\"name\":\"Journ\u00e9e technique. La Catalogne officiellement indemne de tuberculose bovine : contr\u00f4le, pr\u00e9vention et risques dans le nouveau sc\u00e9nario &#187; Innotub\",\"isPartOf\":{\"@id\":\"https:\\\/\\\/innotub.eu\\\/fr\\\/#website\"},\"primaryImageOfPage\":{\"@id\":\"https:\\\/\\\/innotub.eu\\\/fr\\\/activitat\\\/journee-technique-la-catalogne-officiellement-indemne-de-tuberculose-bovine-controle-prevention-et-risques-dans-le-nouveau-scenario\\\/#primaryimage\"},\"image\":{\"@id\":\"https:\\\/\\\/innotub.eu\\\/fr\\\/activitat\\\/journee-technique-la-catalogne-officiellement-indemne-de-tuberculose-bovine-controle-prevention-et-risques-dans-le-nouveau-scenario\\\/#primaryimage\"},\"thumbnailUrl\":\"https:\\\/\\\/innotub.eu\\\/wp-content\\\/uploads\\\/2023\\\/03\\\/IMG_20221127_151636-scaled.jpg\",\"datePublished\":\"2023-03-09T10:29:49+00:00\",\"dateModified\":\"2023-04-17T13:44:06+00:00\",\"breadcrumb\":{\"@id\":\"https:\\\/\\\/innotub.eu\\\/fr\\\/activitat\\\/journee-technique-la-catalogne-officiellement-indemne-de-tuberculose-bovine-controle-prevention-et-risques-dans-le-nouveau-scenario\\\/#breadcrumb\"},\"inLanguage\":\"fr-FR\",\"potentialAction\":[{\"@type\":\"ReadAction\",\"target\":[\"https:\\\/\\\/innotub.eu\\\/fr\\\/activitat\\\/journee-technique-la-catalogne-officiellement-indemne-de-tuberculose-bovine-controle-prevention-et-risques-dans-le-nouveau-scenario\\\/\"]}]},{\"@type\":\"ImageObject\",\"inLanguage\":\"fr-FR\",\"@id\":\"https:\\\/\\\/innotub.eu\\\/fr\\\/activitat\\\/journee-technique-la-catalogne-officiellement-indemne-de-tuberculose-bovine-controle-prevention-et-risques-dans-le-nouveau-scenario\\\/#primaryimage\",\"url\":\"https:\\\/\\\/innotub.eu\\\/wp-content\\\/uploads\\\/2023\\\/03\\\/IMG_20221127_151636-scaled.jpg\",\"contentUrl\":\"https:\\\/\\\/innotub.eu\\\/wp-content\\\/uploads\\\/2023\\\/03\\\/IMG_20221127_151636-scaled.jpg\",\"width\":2560,\"height\":1167},{\"@type\":\"BreadcrumbList\",\"@id\":\"https:\\\/\\\/innotub.eu\\\/fr\\\/activitat\\\/journee-technique-la-catalogne-officiellement-indemne-de-tuberculose-bovine-controle-prevention-et-risques-dans-le-nouveau-scenario\\\/#breadcrumb\",\"itemListElement\":[{\"@type\":\"ListItem\",\"position\":1,\"name\":\"Inici\",\"item\":\"https:\\\/\\\/innotub.eu\\\/fr\\\/\"},{\"@type\":\"ListItem\",\"position\":2,\"name\":\"Activitats\",\"item\":\"https:\\\/\\\/innotub.eu\\\/fr\\\/activitat\\\/\"},{\"@type\":\"ListItem\",\"position\":3,\"name\":\"Journ\u00e9e technique. La Catalogne officiellement indemne de tuberculose bovine : contr\u00f4le, pr\u00e9vention et risques dans le nouveau sc\u00e9nario\"}]},{\"@type\":\"WebSite\",\"@id\":\"https:\\\/\\\/innotub.eu\\\/fr\\\/#website\",\"url\":\"https:\\\/\\\/innotub.eu\\\/fr\\\/\",\"name\":\"Innotub\",\"description\":\"Crear una xarxa cient\u00edfica d&#039;excel\u00b7l\u00e8ncia\",\"publisher\":{\"@id\":\"https:\\\/\\\/innotub.eu\\\/fr\\\/#organization\"},\"potentialAction\":[{\"@type\":\"SearchAction\",\"target\":{\"@type\":\"EntryPoint\",\"urlTemplate\":\"https:\\\/\\\/innotub.eu\\\/fr\\\/?s={search_term_string}\"},\"query-input\":{\"@type\":\"PropertyValueSpecification\",\"valueRequired\":true,\"valueName\":\"search_term_string\"}}],\"inLanguage\":\"fr-FR\"},{\"@type\":\"Organization\",\"@id\":\"https:\\\/\\\/innotub.eu\\\/fr\\\/#organization\",\"name\":\"Innotub\",\"url\":\"https:\\\/\\\/innotub.eu\\\/fr\\\/\",\"logo\":{\"@type\":\"ImageObject\",\"inLanguage\":\"fr-FR\",\"@id\":\"https:\\\/\\\/innotub.eu\\\/fr\\\/#\\\/schema\\\/logo\\\/image\\\/\",\"url\":\"https:\\\/\\\/innotub.eu\\\/wp-content\\\/uploads\\\/2020\\\/08\\\/innotub-logo-COLOR.png\",\"contentUrl\":\"https:\\\/\\\/innotub.eu\\\/wp-content\\\/uploads\\\/2020\\\/08\\\/innotub-logo-COLOR.png\",\"width\":7453,\"height\":1672,\"caption\":\"Innotub\"},\"image\":{\"@id\":\"https:\\\/\\\/innotub.eu\\\/fr\\\/#\\\/schema\\\/logo\\\/image\\\/\"},\"sameAs\":[\"https:\\\/\\\/x.com\\\/innotub\"]}]}<\/script>\n<!-- \/ Yoast SEO plugin. -->","yoast_head_json":{"title":"Journ\u00e9e technique. La Catalogne officiellement indemne de tuberculose bovine : contr\u00f4le, pr\u00e9vention et risques dans le nouveau sc\u00e9nario &#187; Innotub","robots":{"index":"index","follow":"follow","max-snippet":"max-snippet:-1","max-image-preview":"max-image-preview:large","max-video-preview":"max-video-preview:-1"},"canonical":"https:\/\/innotub.eu\/fr\/activitat\/journee-technique-la-catalogne-officiellement-indemne-de-tuberculose-bovine-controle-prevention-et-risques-dans-le-nouveau-scenario\/","og_locale":"fr_FR","og_type":"article","og_title":"Journ\u00e9e technique. La Catalogne officiellement indemne de tuberculose bovine : contr\u00f4le, pr\u00e9vention et risques dans le nouveau sc\u00e9nario &#187; Innotub","og_description":"L'objectif de cette journ\u00e9e est de transf\u00e9rer et de partager des connaissances...","og_url":"https:\/\/innotub.eu\/fr\/activitat\/journee-technique-la-catalogne-officiellement-indemne-de-tuberculose-bovine-controle-prevention-et-risques-dans-le-nouveau-scenario\/","og_site_name":"Innotub","article_modified_time":"2023-04-17T13:44:06+00:00","og_image":[{"width":2560,"height":1167,"url":"https:\/\/innotub.eu\/wp-content\/uploads\/2023\/03\/IMG_20221127_151636-scaled.jpg","type":"image\/jpeg"}],"twitter_card":"summary_large_image","twitter_site":"@innotub","twitter_misc":{"Dur\u00e9e de lecture estim\u00e9e":"1 minute"},"schema":{"@context":"https:\/\/schema.org","@graph":[{"@type":"WebPage","@id":"https:\/\/innotub.eu\/fr\/activitat\/journee-technique-la-catalogne-officiellement-indemne-de-tuberculose-bovine-controle-prevention-et-risques-dans-le-nouveau-scenario\/","url":"https:\/\/innotub.eu\/fr\/activitat\/journee-technique-la-catalogne-officiellement-indemne-de-tuberculose-bovine-controle-prevention-et-risques-dans-le-nouveau-scenario\/","name":"Journ\u00e9e technique. La Catalogne officiellement indemne de tuberculose bovine : contr\u00f4le, pr\u00e9vention et risques dans le nouveau sc\u00e9nario &#187; Innotub","isPartOf":{"@id":"https:\/\/innotub.eu\/fr\/#website"},"primaryImageOfPage":{"@id":"https:\/\/innotub.eu\/fr\/activitat\/journee-technique-la-catalogne-officiellement-indemne-de-tuberculose-bovine-controle-prevention-et-risques-dans-le-nouveau-scenario\/#primaryimage"},"image":{"@id":"https:\/\/innotub.eu\/fr\/activitat\/journee-technique-la-catalogne-officiellement-indemne-de-tuberculose-bovine-controle-prevention-et-risques-dans-le-nouveau-scenario\/#primaryimage"},"thumbnailUrl":"https:\/\/innotub.eu\/wp-content\/uploads\/2023\/03\/IMG_20221127_151636-scaled.jpg","datePublished":"2023-03-09T10:29:49+00:00","dateModified":"2023-04-17T13:44:06+00:00","breadcrumb":{"@id":"https:\/\/innotub.eu\/fr\/activitat\/journee-technique-la-catalogne-officiellement-indemne-de-tuberculose-bovine-controle-prevention-et-risques-dans-le-nouveau-scenario\/#breadcrumb"},"inLanguage":"fr-FR","potentialAction":[{"@type":"ReadAction","target":["https:\/\/innotub.eu\/fr\/activitat\/journee-technique-la-catalogne-officiellement-indemne-de-tuberculose-bovine-controle-prevention-et-risques-dans-le-nouveau-scenario\/"]}]},{"@type":"ImageObject","inLanguage":"fr-FR","@id":"https:\/\/innotub.eu\/fr\/activitat\/journee-technique-la-catalogne-officiellement-indemne-de-tuberculose-bovine-controle-prevention-et-risques-dans-le-nouveau-scenario\/#primaryimage","url":"https:\/\/innotub.eu\/wp-content\/uploads\/2023\/03\/IMG_20221127_151636-scaled.jpg","contentUrl":"https:\/\/innotub.eu\/wp-content\/uploads\/2023\/03\/IMG_20221127_151636-scaled.jpg","width":2560,"height":1167},{"@type":"BreadcrumbList","@id":"https:\/\/innotub.eu\/fr\/activitat\/journee-technique-la-catalogne-officiellement-indemne-de-tuberculose-bovine-controle-prevention-et-risques-dans-le-nouveau-scenario\/#breadcrumb","itemListElement":[{"@type":"ListItem","position":1,"name":"Inici","item":"https:\/\/innotub.eu\/fr\/"},{"@type":"ListItem","position":2,"name":"Activitats","item":"https:\/\/innotub.eu\/fr\/activitat\/"},{"@type":"ListItem","position":3,"name":"Journ\u00e9e technique. La Catalogne officiellement indemne de tuberculose bovine : contr\u00f4le, pr\u00e9vention et risques dans le nouveau sc\u00e9nario"}]},{"@type":"WebSite","@id":"https:\/\/innotub.eu\/fr\/#website","url":"https:\/\/innotub.eu\/fr\/","name":"Innotub","description":"Crear una xarxa cient\u00edfica d&#039;excel\u00b7l\u00e8ncia","publisher":{"@id":"https:\/\/innotub.eu\/fr\/#organization"},"potentialAction":[{"@type":"SearchAction","target":{"@type":"EntryPoint","urlTemplate":"https:\/\/innotub.eu\/fr\/?s={search_term_string}"},"query-input":{"@type":"PropertyValueSpecification","valueRequired":true,"valueName":"search_term_string"}}],"inLanguage":"fr-FR"},{"@type":"Organization","@id":"https:\/\/innotub.eu\/fr\/#organization","name":"Innotub","url":"https:\/\/innotub.eu\/fr\/","logo":{"@type":"ImageObject","inLanguage":"fr-FR","@id":"https:\/\/innotub.eu\/fr\/#\/schema\/logo\/image\/","url":"https:\/\/innotub.eu\/wp-content\/uploads\/2020\/08\/innotub-logo-COLOR.png","contentUrl":"https:\/\/innotub.eu\/wp-content\/uploads\/2020\/08\/innotub-logo-COLOR.png","width":7453,"height":1672,"caption":"Innotub"},"image":{"@id":"https:\/\/innotub.eu\/fr\/#\/schema\/logo\/image\/"},"sameAs":["https:\/\/x.com\/innotub"]}]}},"_links":{"self":[{"href":"https:\/\/innotub.eu\/fr\/wp-json\/wp\/v2\/activitat\/1850","targetHints":{"allow":["GET"]}}],"collection":[{"href":"https:\/\/innotub.eu\/fr\/wp-json\/wp\/v2\/activitat"}],"about":[{"href":"https:\/\/innotub.eu\/fr\/wp-json\/wp\/v2\/types\/activitat"}],"wp:featuredmedia":[{"embeddable":true,"href":"https:\/\/innotub.eu\/fr\/wp-json\/wp\/v2\/media\/1847"}],"wp:attachment":[{"href":"https:\/\/innotub.eu\/fr\/wp-json\/wp\/v2\/media?parent=1850"}],"wp:term":[{"taxonomy":"area","embeddable":true,"href":"https:\/\/innotub.eu\/fr\/wp-json\/wp\/v2\/area?post=1850"}],"curies":[{"name":"wp","href":"https:\/\/api.w.org\/{rel}","templated":true}]}}